{"id":126,"date":"2025-01-14T10:50:46","date_gmt":"2025-01-14T09:50:46","guid":{"rendered":"https:\/\/deml-gmbh.com\/DemlUmzug\/?page_id=126"},"modified":"2025-01-14T16:18:53","modified_gmt":"2025-01-14T15:18:53","slug":"fderhalter-aus-holz","status":"publish","type":"page","link":"https:\/\/deml-gmbh.com\/DemlUmzug\/fderhalter-aus-holz\/","title":{"rendered":"Federhalter aus Holz"},"content":{"rendered":"\t\t<div data-elementor-type=\"wp-page\" data-elementor-id=\"126\" class=\"elementor elementor-126\" data-elementor-post-type=\"page\">\n\t\t\t\t<div class=\"elementor-element elementor-element-b6f1f24 e-flex e-con-boxed e-con e-parent\" data-id=\"b6f1f24\" data-element_type=\"container\">\n\t\t\t\t\t<div class=\"e-con-inner\">\n\t\t\t\t<div class=\"elementor-element elementor-element-5367ff2 elementor-widget-divider--view-line elementor-widget elementor-widget-divider\" data-id=\"5367ff2\" data-element_type=\"widget\" data-widget_type=\"divider.default\">\n\t\t\t\t<div class=\"elementor-widget-container\">\n\t\t\t\t\t\t\t<div class=\"elementor-divider\">\n\t\t\t<span class=\"elementor-divider-separator\">\n\t\t\t\t\t\t<\/span>\n\t\t<\/div>\n\t\t\t\t\t\t<\/div>\n\t\t\t\t<\/div>\n\t\t\t\t\t<\/div>\n\t\t\t\t<\/div>\n\t\t<div class=\"elementor-element elementor-element-8e7a394 e-flex e-con-boxed e-con e-parent\" data-id=\"8e7a394\" data-element_type=\"container\">\n\t\t\t\t\t<div class=\"e-con-inner\">\n\t\t<div class=\"elementor-element elementor-element-717b3eb e-con-full e-flex e-con e-child\" data-id=\"717b3eb\" data-element_type=\"container\">\n\t\t<div class=\"elementor-element elementor-element-46e8dcb e-grid e-con-full e-con e-child\" data-id=\"46e8dcb\" data-element_type=\"container\">\n\t\t\t\t<div class=\"elementor-element elementor-element-552ac93 elementor-widget elementor-widget-image\" data-id=\"552ac93\" data-element_type=\"widget\" data-widget_type=\"image.default\">\n\t\t\t\t<div class=\"elementor-widget-container\">\n\t\t\t\t\t\t\t\t\t\t\t\t\t\t\t<img fetchpriority=\"high\" decoding=\"async\" width=\"431\" height=\"575\" src=\"https:\/\/deml-gmbh.com\/DemlUmzug\/wp-content\/uploads\/2025\/01\/Federhalter_Alle1.jpg\" class=\"attachment-large size-large wp-image-128\" alt=\"\" srcset=\"https:\/\/deml-gmbh.com\/DemlUmzug\/wp-content\/uploads\/2025\/01\/Federhalter_Alle1.jpg 431w, https:\/\/deml-gmbh.com\/DemlUmzug\/wp-content\/uploads\/2025\/01\/Federhalter_Alle1-225x300.jpg 225w\" sizes=\"(max-width: 431px) 100vw, 431px\" \/>\t\t\t\t\t\t\t\t\t\t\t\t\t\t\t<\/div>\n\t\t\t\t<\/div>\n\t\t\t\t<div class=\"elementor-element elementor-element-c24c1e6 elementor-widget elementor-widget-text-editor\" data-id=\"c24c1e6\" data-element_type=\"widget\" data-widget_type=\"text-editor.default\">\n\t\t\t\t<div class=\"elementor-widget-container\">\n\t\t\t\t\t\t\t\t\t<p>Der Federhalter findet auch heute noch Verwendung f\u00fcr besonders sch\u00f6ne Schriften mit Tusche und Feder, &#8220; Kalligraphie&#8220;,<br \/>aber auch bei Tuschezeichnungen und in der Porzelanmalerei.<br \/>Er wird in herk\u00f6mmlichen Lackierungen, Sonderlackierungen sowie in unbehandelt oder ge\u00f6lter Ausf\u00fchrung angeboten.<\/p>\t\t\t\t\t\t\t\t<\/div>\n\t\t\t\t<\/div>\n\t\t\t\t<\/div>\n\t\t\t\t<\/div>\n\t\t<div class=\"elementor-element elementor-element-e78d67e e-con-full e-flex e-con e-child\" data-id=\"e78d67e\" data-element_type=\"container\">\n\t\t<div class=\"elementor-element elementor-element-0a6402b e-grid e-con-full e-con e-child\" data-id=\"0a6402b\" data-element_type=\"container\">\n\t\t\t\t<div class=\"elementor-element elementor-element-ae17074 elementor-widget elementor-widget-image\" data-id=\"ae17074\" data-element_type=\"widget\" data-widget_type=\"image.default\">\n\t\t\t\t<div class=\"elementor-widget-container\">\n\t\t\t\t\t\t\t\t\t\t\t\t\t\t\t<img decoding=\"async\" width=\"243\" height=\"183\" src=\"https:\/\/deml-gmbh.com\/DemlUmzug\/wp-content\/uploads\/2025\/01\/Federhalter_Einfarbig1.jpg\" class=\"attachment-large size-large wp-image-138\" alt=\"\" \/>\t\t\t\t\t\t\t\t\t\t\t\t\t\t\t<\/div>\n\t\t\t\t<\/div>\n\t\t\t\t<div class=\"elementor-element elementor-element-4d176aa elementor-widget elementor-widget-image\" data-id=\"4d176aa\" data-element_type=\"widget\" data-widget_type=\"image.default\">\n\t\t\t\t<div class=\"elementor-widget-container\">\n\t\t\t\t\t\t\t\t\t\t\t\t\t\t\t<img decoding=\"async\" width=\"245\" height=\"183\" src=\"https:\/\/deml-gmbh.com\/DemlUmzug\/wp-content\/uploads\/2025\/01\/Federhalter_Griffmulden1.jpg\" class=\"attachment-large size-large wp-image-139\" alt=\"\" \/>\t\t\t\t\t\t\t\t\t\t\t\t\t\t\t<\/div>\n\t\t\t\t<\/div>\n\t\t\t\t<div class=\"elementor-element elementor-element-4804490 elementor-widget elementor-widget-image\" data-id=\"4804490\" data-element_type=\"widget\" data-widget_type=\"image.default\">\n\t\t\t\t<div class=\"elementor-widget-container\">\n\t\t\t\t\t\t\t\t\t\t\t\t\t\t\t<img loading=\"lazy\" decoding=\"async\" width=\"238\" height=\"183\" src=\"https:\/\/deml-gmbh.com\/DemlUmzug\/wp-content\/uploads\/2025\/01\/Federhalter_Maseriert1.jpg\" class=\"attachment-large size-large wp-image-141\" alt=\"\" \/>\t\t\t\t\t\t\t\t\t\t\t\t\t\t\t<\/div>\n\t\t\t\t<\/div>\n\t\t\t\t<div class=\"elementor-element elementor-element-493e9af elementor-widget elementor-widget-image\" data-id=\"493e9af\" data-element_type=\"widget\" data-widget_type=\"image.default\">\n\t\t\t\t<div class=\"elementor-widget-container\">\n\t\t\t\t\t\t\t\t\t\t\t\t\t\t\t<img loading=\"lazy\" decoding=\"async\" width=\"244\" height=\"183\" src=\"https:\/\/deml-gmbh.com\/DemlUmzug\/wp-content\/uploads\/2025\/01\/Federhalter_NewFashion1.jpg\" class=\"attachment-large size-large wp-image-142\" alt=\"\" \/>\t\t\t\t\t\t\t\t\t\t\t\t\t\t\t<\/div>\n\t\t\t\t<\/div>\n\t\t\t\t<div class=\"elementor-element elementor-element-f6e0021 elementor-widget elementor-widget-image\" data-id=\"f6e0021\" data-element_type=\"widget\" data-widget_type=\"image.default\">\n\t\t\t\t<div class=\"elementor-widget-container\">\n\t\t\t\t\t\t\t\t\t\t\t\t\t\t\t<img loading=\"lazy\" decoding=\"async\" width=\"234\" height=\"183\" src=\"https:\/\/deml-gmbh.com\/DemlUmzug\/wp-content\/uploads\/2025\/01\/Federhalter_Marmoriert1.jpg\" class=\"attachment-large size-large wp-image-140\" alt=\"\" \/>\t\t\t\t\t\t\t\t\t\t\t\t\t\t\t<\/div>\n\t\t\t\t<\/div>\n\t\t\t\t<div class=\"elementor-element elementor-element-1a65ef9 elementor-widget elementor-widget-image\" data-id=\"1a65ef9\" data-element_type=\"widget\" data-widget_type=\"image.default\">\n\t\t\t\t<div class=\"elementor-widget-container\">\n\t\t\t\t\t\t\t\t\t\t\t\t\t\t\t<img loading=\"lazy\" decoding=\"async\" width=\"245\" height=\"183\" src=\"https:\/\/deml-gmbh.com\/DemlUmzug\/wp-content\/uploads\/2025\/01\/Federhalter_Rillen1.jpg\" class=\"attachment-large size-large wp-image-143\" alt=\"\" \/>\t\t\t\t\t\t\t\t\t\t\t\t\t\t\t<\/div>\n\t\t\t\t<\/div>\n\t\t\t\t<\/div>\n\t\t\t\t<\/div>\n\t\t\t\t<div class=\"elementor-element elementor-element-3e3a301 elementor-widget-divider--view-line elementor-widget elementor-widget-divider\" data-id=\"3e3a301\" data-element_type=\"widget\" data-widget_type=\"divider.default\">\n\t\t\t\t<div class=\"elementor-widget-container\">\n\t\t\t\t\t\t\t<div class=\"elementor-divider\">\n\t\t\t<span class=\"elementor-divider-separator\">\n\t\t\t\t\t\t<\/span>\n\t\t<\/div>\n\t\t\t\t\t\t<\/div>\n\t\t\t\t<\/div>\n\t\t\t\t\t<\/div>\n\t\t\t\t<\/div>\n\t\t\t\t<\/div>\n\t\t","protected":false},"excerpt":{"rendered":"<p>Der Federhalter findet auch heute noch Verwendung f\u00fcr besonders sch\u00f6ne Schriften mit Tusche und Feder, &#8220; Kalligraphie&#8220;,aber auch bei Tuschezeichnungen und in der Porzelanmalerei.Er wird in herk\u00f6mmlichen Lackierungen, Sonderlackierungen sowie in unbehandelt oder ge\u00f6lter Ausf\u00fchrung angeboten.<\/p>\n","protected":false},"author":1,"featured_media":0,"parent":0,"menu_order":0,"comment_status":"closed","ping_status":"closed","template":"","meta":{"footnotes":""},"class_list":["post-126","page","type-page","status-publish","hentry"],"_links":{"self":[{"href":"https:\/\/deml-gmbh.com\/DemlUmzug\/wp-json\/wp\/v2\/pages\/126","targetHints":{"allow":["GET"]}}],"collection":[{"href":"https:\/\/deml-gmbh.com\/DemlUmzug\/wp-json\/wp\/v2\/pages"}],"about":[{"href":"https:\/\/deml-gmbh.com\/DemlUmzug\/wp-json\/wp\/v2\/types\/page"}],"author":[{"embeddable":true,"href":"https:\/\/deml-gmbh.com\/DemlUmzug\/wp-json\/wp\/v2\/users\/1"}],"replies":[{"embeddable":true,"href":"https:\/\/deml-gmbh.com\/DemlUmzug\/wp-json\/wp\/v2\/comments?post=126"}],"version-history":[{"count":8,"href":"https:\/\/deml-gmbh.com\/DemlUmzug\/wp-json\/wp\/v2\/pages\/126\/revisions"}],"predecessor-version":[{"id":146,"href":"https:\/\/deml-gmbh.com\/DemlUmzug\/wp-json\/wp\/v2\/pages\/126\/revisions\/146"}],"wp:attachment":[{"href":"https:\/\/deml-gmbh.com\/DemlUmzug\/wp-json\/wp\/v2\/media?parent=126"}],"curies":[{"name":"wp","href":"https:\/\/api.w.org\/{rel}","templated":true}]}}