{"id":162,"date":"2025-01-14T16:37:42","date_gmt":"2025-01-14T15:37:42","guid":{"rendered":"https:\/\/deml-gmbh.com\/DemlUmzug\/?page_id=162"},"modified":"2025-01-20T16:17:07","modified_gmt":"2025-01-20T15:17:07","slug":"impressum","status":"publish","type":"page","link":"https:\/\/deml-gmbh.com\/DemlUmzug\/impressum\/","title":{"rendered":"Impressum"},"content":{"rendered":"\t\t<div data-elementor-type=\"wp-page\" data-elementor-id=\"162\" class=\"elementor elementor-162\" data-elementor-post-type=\"page\">\n\t\t\t\t<div class=\"elementor-element elementor-element-58eefc6 e-flex e-con-boxed e-con e-parent\" data-id=\"58eefc6\" data-element_type=\"container\">\n\t\t\t\t\t<div class=\"e-con-inner\">\n\t\t\t\t<div class=\"elementor-element elementor-element-e859fbe elementor-widget-divider--view-line elementor-widget elementor-widget-divider\" data-id=\"e859fbe\" data-element_type=\"widget\" data-widget_type=\"divider.default\">\n\t\t\t\t<div class=\"elementor-widget-container\">\n\t\t\t\t\t\t\t<div class=\"elementor-divider\">\n\t\t\t<span class=\"elementor-divider-separator\">\n\t\t\t\t\t\t<\/span>\n\t\t<\/div>\n\t\t\t\t\t\t<\/div>\n\t\t\t\t<\/div>\n\t\t\t\t\t<\/div>\n\t\t\t\t<\/div>\n\t\t<div class=\"elementor-element elementor-element-035ed0e e-flex e-con-boxed e-con e-parent\" data-id=\"035ed0e\" data-element_type=\"container\">\n\t\t\t\t\t<div class=\"e-con-inner\">\n\t\t\t\t<div class=\"elementor-element elementor-element-26fe604 elementor-widget elementor-widget-text-editor\" data-id=\"26fe604\" data-element_type=\"widget\" data-widget_type=\"text-editor.default\">\n\t\t\t\t<div class=\"elementor-widget-container\">\n\t\t\t\t\t\t\t\t\t<table border=\"0\" width=\"800\" cellspacing=\"1\" cellpadding=\"1\" align=\"center\"><tbody><tr><td><p>Deml Holzerzeugnisse GmbH<br \/>Landshuter Str. 20<br \/>84082 Laberweinting<br \/>Telefon: 0 87 72 \/ 5155<br \/>Telefax: 0 87 72 \/ 6696<br \/>E-Mail: <a href=\"mailto:info@deml-gmbh.com\">info@deml-gmbh.com<\/a><br \/>Internet: <a href=\"http:\/\/www.deml-gmbh.com\/\">www.deml-gmbh.com<\/a><\/p><p>Gesch\u00e4ftsf\u00fchrer:\u00a0Frau Klothilde Klingl<br \/>\u00a0\u00a0\u00a0\u00a0\u00a0\u00a0\u00a0\u00a0\u00a0\u00a0\u00a0\u00a0\u00a0\u00a0\u00a0\u00a0\u00a0\u00a0\u00a0\u00a0\u00a0\u00a0\u00a0\u00a0\u00a0\u00a0\u00a0 Frau Margarita Biederer<br \/>\u00a0\u00a0\u00a0 \u00a0\u00a0\u00a0 \u00a0\u00a0\u00a0\u00a0\u00a0\u00a0\u00a0\u00a0\u00a0\u00a0\u00a0\u00a0\u00a0\u00a0\u00a0\u00a0\u00a0\u00a0\u00a0 Herr Johannes Biederer<\/p><p>Registergericht:\u00a0\u00a0 Amtsgericht Straubing<br \/>Registernummer: HRB 10652<\/p><p>Umsatzsteuer-Identifikationsnummer gem\u00e4\u00df \u00a7 27 a Umsatzsteuergesetz: DE 207285771<\/p><p>Inhaltlich Verantwortlicher gem\u00e4\u00df \u00a7 55 Abs. 2 RStV: Margarita Biederer (Anschrift wie oben)<\/p><p>Haftungshinweis: Trotz sorgf\u00e4ltiger inhaltlicher Kontrolle \u00fcbernehmen wir keine Haftung f\u00fcr die Inhalte externer Links. F\u00fcr den Inhalt der verlinkten Seiten sind ausschlie\u00dflich deren Betreiber verantwortlich.<\/p><p><a href=\"\/DemlUmzug\/datenschutzerklaerung-2\">Datenschutzerkl\u00e4rung:<\/a><\/p><\/td><\/tr><\/tbody><\/table>\t\t\t\t\t\t\t\t<\/div>\n\t\t\t\t<\/div>\n\t\t\t\t\t<\/div>\n\t\t\t\t<\/div>\n\t\t<div class=\"elementor-element elementor-element-cd32964 e-flex e-con-boxed e-con e-parent\" data-id=\"cd32964\" data-element_type=\"container\">\n\t\t\t\t\t<div class=\"e-con-inner\">\n\t\t\t\t<div class=\"elementor-element elementor-element-8b98e97 elementor-widget-divider--view-line elementor-widget elementor-widget-divider\" data-id=\"8b98e97\" data-element_type=\"widget\" data-widget_type=\"divider.default\">\n\t\t\t\t<div class=\"elementor-widget-container\">\n\t\t\t\t\t\t\t<div class=\"elementor-divider\">\n\t\t\t<span class=\"elementor-divider-separator\">\n\t\t\t\t\t\t<\/span>\n\t\t<\/div>\n\t\t\t\t\t\t<\/div>\n\t\t\t\t<\/div>\n\t\t\t\t\t<\/div>\n\t\t\t\t<\/div>\n\t\t\t\t<\/div>\n\t\t","protected":false},"excerpt":{"rendered":"<p>Deml Holzerzeugnisse GmbHLandshuter Str. 2084082 LaberweintingTelefon: 0 87 72 \/ 5155Telefax: 0 87 72 \/ 6696E-Mail: info@deml-gmbh.comInternet: www.deml-gmbh.com Gesch\u00e4ftsf\u00fchrer:\u00a0Frau Klothilde Klingl\u00a0\u00a0\u00a0\u00a0\u00a0\u00a0\u00a0\u00a0\u00a0\u00a0\u00a0\u00a0\u00a0\u00a0\u00a0\u00a0\u00a0\u00a0\u00a0\u00a0\u00a0\u00a0\u00a0\u00a0\u00a0\u00a0\u00a0 Frau Margarita Biederer\u00a0\u00a0\u00a0 \u00a0\u00a0\u00a0 \u00a0\u00a0\u00a0\u00a0\u00a0\u00a0\u00a0\u00a0\u00a0\u00a0\u00a0\u00a0\u00a0\u00a0\u00a0\u00a0\u00a0\u00a0\u00a0 Herr Johannes Biederer Registergericht:\u00a0\u00a0 Amtsgericht StraubingRegisternummer: HRB 10652 Umsatzsteuer-Identifikationsnummer gem\u00e4\u00df \u00a7 27 a Umsatzsteuergesetz: DE 207285771 Inhaltlich Verantwortlicher gem\u00e4\u00df \u00a7 55 Abs. 2 RStV: Margarita Biederer (Anschrift wie oben) [&hellip;]<\/p>\n","protected":false},"author":1,"featured_media":0,"parent":0,"menu_order":0,"comment_status":"closed","ping_status":"closed","template":"","meta":{"footnotes":""},"class_list":["post-162","page","type-page","status-publish","hentry"],"_links":{"self":[{"href":"https:\/\/deml-gmbh.com\/DemlUmzug\/wp-json\/wp\/v2\/pages\/162","targetHints":{"allow":["GET"]}}],"collection":[{"href":"https:\/\/deml-gmbh.com\/DemlUmzug\/wp-json\/wp\/v2\/pages"}],"about":[{"href":"https:\/\/deml-gmbh.com\/DemlUmzug\/wp-json\/wp\/v2\/types\/page"}],"author":[{"embeddable":true,"href":"https:\/\/deml-gmbh.com\/DemlUmzug\/wp-json\/wp\/v2\/users\/1"}],"replies":[{"embeddable":true,"href":"https:\/\/deml-gmbh.com\/DemlUmzug\/wp-json\/wp\/v2\/comments?post=162"}],"version-history":[{"count":13,"href":"https:\/\/deml-gmbh.com\/DemlUmzug\/wp-json\/wp\/v2\/pages\/162\/revisions"}],"predecessor-version":[{"id":311,"href":"https:\/\/deml-gmbh.com\/DemlUmzug\/wp-json\/wp\/v2\/pages\/162\/revisions\/311"}],"wp:attachment":[{"href":"https:\/\/deml-gmbh.com\/DemlUmzug\/wp-json\/wp\/v2\/media?parent=162"}],"curies":[{"name":"wp","href":"https:\/\/api.w.org\/{rel}","templated":true}]}}