{"id":272,"date":"2025-01-20T14:59:53","date_gmt":"2025-01-20T13:59:53","guid":{"rendered":"https:\/\/deml-gmbh.com\/DemlUmzug\/?page_id=272"},"modified":"2025-01-20T15:02:40","modified_gmt":"2025-01-20T14:02:40","slug":"grundsatzerklaerung","status":"publish","type":"page","link":"https:\/\/deml-gmbh.com\/DemlUmzug\/grundsatzerklaerung\/","title":{"rendered":"Grundsatzerkl\u00e4rung"},"content":{"rendered":"\t\t<div data-elementor-type=\"wp-page\" data-elementor-id=\"272\" class=\"elementor elementor-272\" data-elementor-post-type=\"page\">\n\t\t\t\t<div class=\"elementor-element elementor-element-5c24412 e-flex e-con-boxed e-con e-parent\" data-id=\"5c24412\" data-element_type=\"container\">\n\t\t\t\t\t<div class=\"e-con-inner\">\n\t\t\t\t<div class=\"elementor-element elementor-element-7e103ec elementor-widget-divider--view-line elementor-widget elementor-widget-divider\" data-id=\"7e103ec\" data-element_type=\"widget\" data-widget_type=\"divider.default\">\n\t\t\t\t<div class=\"elementor-widget-container\">\n\t\t\t\t\t\t\t<div class=\"elementor-divider\">\n\t\t\t<span class=\"elementor-divider-separator\">\n\t\t\t\t\t\t<\/span>\n\t\t<\/div>\n\t\t\t\t\t\t<\/div>\n\t\t\t\t<\/div>\n\t\t\t\t<div class=\"elementor-element elementor-element-95c02e9 elementor-widget elementor-widget-text-editor\" data-id=\"95c02e9\" data-element_type=\"widget\" data-widget_type=\"text-editor.default\">\n\t\t\t\t<div class=\"elementor-widget-container\">\n\t\t\t\t\t\t\t\t\t<h1 class=\"western\"><span style=\"color: #005c42;\"><span style=\"font-size: medium;\">Grundsatzerkl\u00e4rung<\/span><\/span><\/h1><p><i>Bezug: <\/i><i>FSC-STD-40-004 V3-1, Paragraf 1.5 \/ Annex D <\/i><\/p><p>Die Grundsatzerkl\u00e4rung gilt f\u00fcr:<\/p><ul><li><p><i>Deml Holzerzeugnisse GmbH, Landshuter Stra\u00dfe 20, 84082 Laberweinting<\/i><\/p><p>\u00a0<\/p><\/li><\/ul><p>Die Deml Holzerzeugnisse GmbH bekennt sich zu den FSC Kernarbeitsnormen und erkl\u00e4rt hiermit:<\/p><p><b>Wir setzen keine Kinderarbeit ein.<\/b><\/p><ul><li><p>Es werden keine Arbeitnehmer unter 15 Jahren besch\u00e4ftigt. Keine Person unter 18 Jahren wird mit gef\u00e4hrlichen oder schweren Arbeiten besch\u00e4ftigt; es sei denn, es handelt sich um eine Ausbildung im Rahmen der genehmigten nationalen Gesetze und Vorschriften.<\/p><\/li><li><p>Der Zertifikatsinhaber verbietet die schlimmsten Formen der Kinderarbeit.<\/p><\/li><\/ul><p><b>Wir schlie\u00dfen alle Formen von Zwangs- und Pflichtarbeit aus, <\/b>insbesondere:<\/p><ul><li><p>k\u00f6rperliche und sexuelle Gewalt<\/p><\/li><li><p>Schuldknechtschaft<\/p><\/li><li><p>Vorenthaltung von L\u00f6hnen\/einschlie\u00dflich der Zahlung von Arbeitsgeb\u00fchren und\/oder der Zahlung einer Kaution zur Aufnahme einer Besch\u00e4ftigung<\/p><\/li><li><p>Einschr\u00e4nkung der Mobilit\u00e4t\/ Beweglichkeit des Arbeitnehmers<\/p><\/li><li><p>Einbehaltung von Reisepass und\/oder Ausweispapieren<\/p><\/li><li><p>Androhung von Denunziation bei den Beh\u00f6rden<\/p><\/li><li><p>Arbeitsverh\u00e4ltnisse sind freiwillig und basieren auf gegenseitigem Einverst\u00e4ndnis, ohne Androhung einer Strafe.<\/p><\/li><\/ul><p><b>Wir stellen sicher, dass Besch\u00e4ftigungs- und Berufspraktiken nicht diskriminierend sind.<\/b><\/p><p><b>Wir respektieren die Vereinigungsfreiheit und das effektive Recht auf Kollektivverhandlungen.<\/b><\/p><ul><li><p>Die Arbeitnehmer k\u00f6nnen Arbeitnehmerorganisationen ihrer eigenen Wahl gr\u00fcnden oder solchen beitreten.<\/p><\/li><li><p>Der Zertifikatsinhaber respektiert die volle Freiheit der Arbeitnehmerorganisationen, ihre Satzungen und Regeln aufzustellen.<\/p><\/li><li><p>Mit rechtm\u00e4\u00dfig gegr\u00fcndeten Arbeitnehmerorganisationen und\/oder ordnungsgem\u00e4\u00df gew\u00e4hlten Vertretern wird nach Treu und Glauben verhandelt und wir bem\u00fchen uns ggf. nach besten Kr\u00e4ften, einen Tarifvertrag abzuschlie\u00dfen.<\/p><\/li><li><p>Kollektivvereinbarungen werden umgesetzt, wo sie existieren.<\/p><\/li><\/ul>\t\t\t\t\t\t\t\t<\/div>\n\t\t\t\t<\/div>\n\t\t\t\t\t<\/div>\n\t\t\t\t<\/div>\n\t\t<div class=\"elementor-element elementor-element-63913e0 e-flex e-con-boxed e-con e-parent\" data-id=\"63913e0\" data-element_type=\"container\">\n\t\t\t\t\t<div class=\"e-con-inner\">\n\t\t\t\t\t<\/div>\n\t\t\t\t<\/div>\n\t\t<div class=\"elementor-element elementor-element-5f8b638 e-flex e-con-boxed e-con e-parent\" data-id=\"5f8b638\" data-element_type=\"container\">\n\t\t\t\t\t<div class=\"e-con-inner\">\n\t\t\t\t<div class=\"elementor-element elementor-element-1753c4f elementor-widget-divider--view-line elementor-widget elementor-widget-divider\" data-id=\"1753c4f\" data-element_type=\"widget\" data-widget_type=\"divider.default\">\n\t\t\t\t<div class=\"elementor-widget-container\">\n\t\t\t\t\t\t\t<div class=\"elementor-divider\">\n\t\t\t<span class=\"elementor-divider-separator\">\n\t\t\t\t\t\t<\/span>\n\t\t<\/div>\n\t\t\t\t\t\t<\/div>\n\t\t\t\t<\/div>\n\t\t\t\t\t<\/div>\n\t\t\t\t<\/div>\n\t\t\t\t<\/div>\n\t\t","protected":false},"excerpt":{"rendered":"<p>Grundsatzerkl\u00e4rung Bezug: FSC-STD-40-004 V3-1, Paragraf 1.5 \/ Annex D Die Grundsatzerkl\u00e4rung gilt f\u00fcr: Deml Holzerzeugnisse GmbH, Landshuter Stra\u00dfe 20, 84082 Laberweinting \u00a0 Die Deml Holzerzeugnisse GmbH bekennt sich zu den FSC Kernarbeitsnormen und erkl\u00e4rt hiermit: Wir setzen keine Kinderarbeit ein. Es werden keine Arbeitnehmer unter 15 Jahren besch\u00e4ftigt. Keine Person unter 18 Jahren wird mit [&hellip;]<\/p>\n","protected":false},"author":1,"featured_media":0,"parent":0,"menu_order":0,"comment_status":"closed","ping_status":"closed","template":"","meta":{"footnotes":""},"class_list":["post-272","page","type-page","status-publish","hentry"],"_links":{"self":[{"href":"https:\/\/deml-gmbh.com\/DemlUmzug\/wp-json\/wp\/v2\/pages\/272","targetHints":{"allow":["GET"]}}],"collection":[{"href":"https:\/\/deml-gmbh.com\/DemlUmzug\/wp-json\/wp\/v2\/pages"}],"about":[{"href":"https:\/\/deml-gmbh.com\/DemlUmzug\/wp-json\/wp\/v2\/types\/page"}],"author":[{"embeddable":true,"href":"https:\/\/deml-gmbh.com\/DemlUmzug\/wp-json\/wp\/v2\/users\/1"}],"replies":[{"embeddable":true,"href":"https:\/\/deml-gmbh.com\/DemlUmzug\/wp-json\/wp\/v2\/comments?post=272"}],"version-history":[{"count":4,"href":"https:\/\/deml-gmbh.com\/DemlUmzug\/wp-json\/wp\/v2\/pages\/272\/revisions"}],"predecessor-version":[{"id":276,"href":"https:\/\/deml-gmbh.com\/DemlUmzug\/wp-json\/wp\/v2\/pages\/272\/revisions\/276"}],"wp:attachment":[{"href":"https:\/\/deml-gmbh.com\/DemlUmzug\/wp-json\/wp\/v2\/media?parent=272"}],"curies":[{"name":"wp","href":"https:\/\/api.w.org\/{rel}","templated":true}]}}